{"id":13632,"date":"2024-05-30T09:29:38","date_gmt":"2024-05-30T09:29:38","guid":{"rendered":"https:\/\/www.latribunedufaso.net\/?page_id=13632"},"modified":"2024-05-31T09:31:24","modified_gmt":"2024-05-31T09:31:24","slug":"afp-pme-appel-a-candidature-pour-la-selection-de-25-pme-burkinabe-eligibles-au-financement-sous-forme-de-capital-risque-du-03-au-28-juin-2024","status":"publish","type":"page","link":"https:\/\/www.latribunedufaso.net\/?page_id=13632","title":{"rendered":"AFP-PME : Appel \u00e0 candidature pour la s\u00e9lection de 25 PME Burkinab\u00e8 \u00e9ligibles au financement sous forme de capital-risque du 03 au 28 Juin 2024"},"content":{"rendered":"<p><a href=\"https:\/\/www.latribunedufaso.net\/wp-content\/uploads\/2024\/05\/SAVE_20240531_092335-scaled.jpg\"><img loading=\"lazy\" decoding=\"async\" class=\"alignnone size-medium wp-image-13635\" src=\"https:\/\/www.latribunedufaso.net\/wp-content\/uploads\/2024\/05\/SAVE_20240531_092335-231x300.jpg\" alt=\"\" width=\"231\" height=\"300\" srcset=\"https:\/\/www.latribunedufaso.net\/wp-content\/uploads\/2024\/05\/SAVE_20240531_092335-231x300.jpg 231w, https:\/\/www.latribunedufaso.net\/wp-content\/uploads\/2024\/05\/SAVE_20240531_092335-787x1024.jpg 787w, https:\/\/www.latribunedufaso.net\/wp-content\/uploads\/2024\/05\/SAVE_20240531_092335-768x999.jpg 768w, https:\/\/www.latribunedufaso.net\/wp-content\/uploads\/2024\/05\/SAVE_20240531_092335-1181x1536.jpg 1181w, https:\/\/www.latribunedufaso.net\/wp-content\/uploads\/2024\/05\/SAVE_20240531_092335-1574x2048.jpg 1574w, https:\/\/www.latribunedufaso.net\/wp-content\/uploads\/2024\/05\/SAVE_20240531_092335-scaled.jpg 1968w\" sizes=\"auto, (max-width: 231px) 100vw, 231px\" \/><\/a><\/p>\n<p style=\"text-align: justify;\">Dans le cadre de la mise en \u0153uvre de la phase pilote du projet d\u00e9nomm\u00e9 \u00ab\u00a0JeunEssor\u00a0\u00bb qui consiste \u00e0 accompagner des porteurs de projets \u00e0 travers des m\u00e9canismes innovants de financement \u00e0 savoir le capital-risque, l\u2019Agence de Financement et de Promotion des Petites et Moyennes Entreprises (AFP-PME) souhaite recevoir des candidatures pour la s\u00e9lection de 25 PME de droit burkinab\u00e8.<\/p>\n<p style=\"text-align: justify;\">Ce mode de financement vise \u00e0 prendre des parts minoritaires dans le capital des PME et de leur permettre de disposer d\u2019un partenaire strat\u00e9gique dans l\u2019organe de gouvernance en vue de soutenir leur croissance.\u00a0<\/p>\n<p style=\"text-align: justify;\"><strong>CRITERES D\u2019ELIGIBILITE :<\/strong><\/p>\n<p style=\"text-align: justify;\">&#8211; \u00catre une PME \u00e0 la forme juridique suivante : Soci\u00e9t\u00e9s de capitaux (SARL, SA, SAS&#8230;) ou pr\u00eate \u00e0 se transformer en soci\u00e9t\u00e9 de capitaux ;<\/p>\n<p style=\"text-align: justify;\">&#8211; \u00catre une PME exer\u00e7ant dans l\u2019une des treize (13) r\u00e9gions du Burkina Faso ;<\/p>\n<p style=\"text-align: justify;\">&#8211; \u00catre une PME ayant au moins 03 ann\u00e9es d\u2019existence ;<\/p>\n<p style=\"text-align: justify;\">&#8211; \u00catre une PME avec un chiffre d&rsquo;affaires annuels des trois derni\u00e8res ann\u00e9es sup\u00e9rieur ou \u00e9gal \u00e0 20 000 000 FCFA ;<\/p>\n<p style=\"text-align: justify;\">&#8211; \u00catre une PME dispos\u00e9e \u00e0 ouvrir son capital ;<\/p>\n<p style=\"text-align: justify;\">&#8211; Etre une PME \u00e9voluant dans l\u2019un des trois secteurs d\u2019activit\u00e9s \u00e9conomiques (primaire, secondaire, tertiaire) hormis import-export.<\/p>\n<p style=\"text-align: justify;\"><strong>COMPOSITION DU DOSSIER :<\/strong><\/p>\n<p style=\"text-align: justify;\">&#8211; Un formulaire de candidature renseign\u00e9 selon le canevas ci-joint en annexe ;<\/p>\n<p style=\"text-align: justify;\">&#8211; Une copie de la carte d\u2019identit\u00e9 ou le passeport ;<\/p>\n<p style=\"text-align: justify;\">&#8211; Une copie du RCCM ;<\/p>\n<p style=\"text-align: justify;\">&#8211; Une copie des statuts pour les soci\u00e9t\u00e9s.<\/p>\n<p style=\"text-align: justify;\"><strong>LIEUX DE DEP\u00d4T DES DOSSIERS DE CANDIDATURE<\/strong><\/p>\n<p style=\"text-align: justify;\">En ligne via le lien : \u00a0http:\/\/bit.ly\/formulaire-capital-investissement\u00a0<\/p>\n<p style=\"text-align: justify;\">Ouagadougou : Direction Technique R\u00e9gionale du Centre de l\u2019AFP-PME, sis quartier Koulouba, situ\u00e9 \u00e0 la Zone commerciale, Immeuble ex pharmacie nouvelle ; Non loin du cin\u00e9 Burkina \/ T\u00e9l : 25 31 83 11\/12<\/p>\n<p style=\"text-align: justify;\">Bobo-Dioulasso : Direction Technique R\u00e9gionale de l\u2019Ouest de l\u2019AFP-PME ; Secteur 05, Rue 71, Porte 75 \/ Immeuble face \u00e0 la gare Elitis \/ Tel : 20 96 00 08 \/ 20 97 29 40<\/p>\n<p style=\"text-align: justify;\">Pour toute information compl\u00e9mentaire, veuillez contacter M. BADO B. Florentin au 78 16 64 05 ou <span style=\"font-size: 1.0625rem;\">M. DISSA Mamadou au 70 01 04 25<\/span><\/p>\n<p style=\"text-align: justify;\"><span style=\"font-size: 1.0625rem;\">Le Directeur G\u00e9n\u00e9ral<\/span><\/p>\n<p style=\"text-align: justify;\"><span style=\"font-size: 1.0625rem;\">Issa TRAORE<\/span><\/p>\n","protected":false},"excerpt":{"rendered":"<p>Dans le cadre de la mise en \u0153uvre de la phase pilote du projet d\u00e9nomm\u00e9 \u00ab\u00a0JeunEssor\u00a0\u00bb qui consiste \u00e0 accompagner des porteurs de projets \u00e0 travers des m\u00e9canismes innovants de financement \u00e0 savoir le capital-risque, l\u2019Agence de Financement et de Promotion des Petites et Moyennes Entreprises (AFP-PME) souhaite recevoir des candidatures pour la s\u00e9lection de 25 PME de droit burkinab\u00e8. Ce mode de financement vise \u00e0 prendre des parts minoritaires dans le capital des PME et de leur permettre de disposer d\u2019un partenaire strat\u00e9gique dans l\u2019organe de gouvernance en vue de soutenir leur croissance.\u00a0 CRITERES D\u2019ELIGIBILITE : &#8211; \u00catre une PME \u00e0 la forme juridique suivante : Soci\u00e9t\u00e9s de capitaux (SARL, SA, SAS&#8230;) ou pr\u00eate \u00e0 se transformer en soci\u00e9t\u00e9 de capitaux ; &#8211; \u00catre une PME exer\u00e7ant dans l\u2019une des treize (13) r\u00e9gions du Burkina Faso ; &#8211; \u00catre une PME ayant au moins 03 ann\u00e9es d\u2019existence ; &#8211; \u00catre une PME avec un chiffre d&rsquo;affaires annuels des trois derni\u00e8res ann\u00e9es sup\u00e9rieur ou \u00e9gal \u00e0 20 000 000 FCFA ; &#8211; \u00catre une PME dispos\u00e9e \u00e0 ouvrir son capital ; &#8211; Etre une PME \u00e9voluant dans l\u2019un des trois secteurs d\u2019activit\u00e9s \u00e9conomiques (primaire, secondaire, tertiaire) hormis import-export. COMPOSITION DU DOSSIER : &#8211; Un formulaire de candidature renseign\u00e9 selon le canevas ci-joint en annexe ; &#8211; Une copie de la carte d\u2019identit\u00e9 ou le passeport ; &#8211; Une copie du RCCM ; &#8211; Une copie des statuts pour les soci\u00e9t\u00e9s. LIEUX DE DEP\u00d4T DES DOSSIERS DE CANDIDATURE En ligne via le lien : \u00a0http:\/\/bit.ly\/formulaire-capital-investissement\u00a0 Ouagadougou : Direction Technique R\u00e9gionale du Centre de l\u2019AFP-PME, sis quartier Koulouba, situ\u00e9 \u00e0 la Zone commerciale, Immeuble ex pharmacie nouvelle ; Non loin du cin\u00e9 Burkina \/ T\u00e9l : 25 31 83 11\/12 Bobo-Dioulasso : Direction Technique R\u00e9gionale de l\u2019Ouest de l\u2019AFP-PME ; Secteur 05, Rue 71, Porte 75 \/ Immeuble face \u00e0 la gare Elitis \/ Tel : 20 96 00 08 \/ 20 97 29 40 Pour toute information compl\u00e9mentaire, veuillez contacter M. BADO B. Florentin au 78 16 64 05 ou M. DISSA Mamadou au 70 01 04 25 Le Directeur G\u00e9n\u00e9ral Issa TRAORE<\/p>\n","protected":false},"author":2,"featured_media":13512,"parent":0,"menu_order":0,"comment_status":"closed","ping_status":"closed","template":"","meta":{"footnotes":""},"class_list":["post-13632","page","type-page","status-publish","has-post-thumbnail","hentry"],"yoast_head":"<!-- This site is optimized with the Yoast SEO plugin v27.4 - https:\/\/yoast.com\/product\/yoast-seo-wordpress\/ -->\n<title>AFP-PME : Appel \u00e0 candidature pour la s\u00e9lection de 25 PME Burkinab\u00e8 \u00e9ligibles au financement sous forme de capital-risque du 03 au 28 Juin 2024 - La Tribune du Faso<\/title>\n<meta name=\"robots\" content=\"index, follow, max-snippet:-1, max-image-preview:large, max-video-preview:-1\" \/>\n<link rel=\"canonical\" href=\"https:\/\/www.latribunedufaso.net\/?page_id=13632\" \/>\n<meta property=\"og:locale\" content=\"fr_FR\" \/>\n<meta property=\"og:type\" content=\"article\" \/>\n<meta property=\"og:title\" content=\"AFP-PME : Appel \u00e0 candidature pour la s\u00e9lection de 25 PME Burkinab\u00e8 \u00e9ligibles au financement sous forme de capital-risque du 03 au 28 Juin 2024 - La Tribune du Faso\" \/>\n<meta property=\"og:description\" content=\"Dans le cadre de la mise en \u0153uvre de la phase pilote du projet d\u00e9nomm\u00e9 \u00ab\u00a0JeunEssor\u00a0\u00bb qui consiste \u00e0 accompagner des porteurs de projets \u00e0 travers des m\u00e9canismes innovants de financement \u00e0 savoir le capital-risque, l\u2019Agence de Financement et de Promotion des Petites et Moyennes Entreprises (AFP-PME) souhaite recevoir des candidatures pour la s\u00e9lection de 25 PME de droit burkinab\u00e8. Ce mode de financement vise \u00e0 prendre des parts minoritaires dans le capital des PME et de leur permettre de disposer d\u2019un partenaire strat\u00e9gique dans l\u2019organe de gouvernance en vue de soutenir leur croissance.\u00a0 CRITERES D\u2019ELIGIBILITE : &#8211; \u00catre une PME \u00e0 la forme juridique suivante : Soci\u00e9t\u00e9s de capitaux (SARL, SA, SAS&#8230;) ou pr\u00eate \u00e0 se transformer en soci\u00e9t\u00e9 de capitaux ; &#8211; \u00catre une PME exer\u00e7ant dans l\u2019une des treize (13) r\u00e9gions du Burkina Faso ; &#8211; \u00catre une PME ayant au moins 03 ann\u00e9es d\u2019existence ; &#8211; \u00catre une PME avec un chiffre d&rsquo;affaires annuels des trois derni\u00e8res ann\u00e9es sup\u00e9rieur ou \u00e9gal \u00e0 20 000 000 FCFA ; &#8211; \u00catre une PME dispos\u00e9e \u00e0 ouvrir son capital ; &#8211; Etre une PME \u00e9voluant dans l\u2019un des trois secteurs d\u2019activit\u00e9s \u00e9conomiques (primaire, secondaire, tertiaire) hormis import-export. COMPOSITION DU DOSSIER : &#8211; Un formulaire de candidature renseign\u00e9 selon le canevas ci-joint en annexe ; &#8211; Une copie de la carte d\u2019identit\u00e9 ou le passeport ; &#8211; Une copie du RCCM ; &#8211; Une copie des statuts pour les soci\u00e9t\u00e9s. LIEUX DE DEP\u00d4T DES DOSSIERS DE CANDIDATURE En ligne via le lien : \u00a0http:\/\/bit.ly\/formulaire-capital-investissement\u00a0 Ouagadougou : Direction Technique R\u00e9gionale du Centre de l\u2019AFP-PME, sis quartier Koulouba, situ\u00e9 \u00e0 la Zone commerciale, Immeuble ex pharmacie nouvelle ; Non loin du cin\u00e9 Burkina \/ T\u00e9l : 25 31 83 11\/12 Bobo-Dioulasso : Direction Technique R\u00e9gionale de l\u2019Ouest de l\u2019AFP-PME ; Secteur 05, Rue 71, Porte 75 \/ Immeuble face \u00e0 la gare Elitis \/ Tel : 20 96 00 08 \/ 20 97 29 40 Pour toute information compl\u00e9mentaire, veuillez contacter M. BADO B. Florentin au 78 16 64 05 ou M. DISSA Mamadou au 70 01 04 25 Le Directeur G\u00e9n\u00e9ral Issa TRAORE\" \/>\n<meta property=\"og:url\" content=\"https:\/\/www.latribunedufaso.net\/?page_id=13632\" \/>\n<meta property=\"og:site_name\" content=\"La Tribune du Faso\" \/>\n<meta property=\"article:publisher\" content=\"https:\/\/www.facebook.com\/LatribuneduFaso\/\" \/>\n<meta property=\"article:modified_time\" content=\"2024-05-31T09:31:24+00:00\" \/>\n<meta property=\"og:image\" content=\"https:\/\/www.latribunedufaso.net\/wp-content\/uploads\/2024\/05\/images.png\" \/>\n\t<meta property=\"og:image:width\" content=\"282\" \/>\n\t<meta property=\"og:image:height\" content=\"178\" \/>\n\t<meta property=\"og:image:type\" content=\"image\/png\" \/>\n<meta name=\"twitter:label1\" content=\"Dur\u00e9e de lecture estim\u00e9e\" \/>\n\t<meta name=\"twitter:data1\" content=\"2 minutes\" \/>\n<script type=\"application\/ld+json\" class=\"yoast-schema-graph\">{\"@context\":\"https:\\\/\\\/schema.org\",\"@graph\":[{\"@type\":\"WebPage\",\"@id\":\"https:\\\/\\\/www.latribunedufaso.net\\\/?page_id=13632\",\"url\":\"https:\\\/\\\/www.latribunedufaso.net\\\/?page_id=13632\",\"name\":\"AFP-PME : Appel \u00e0 candidature pour la s\u00e9lection de 25 PME Burkinab\u00e8 \u00e9ligibles au financement sous forme de capital-risque du 03 au 28 Juin 2024 - La Tribune du Faso\",\"isPartOf\":{\"@id\":\"https:\\\/\\\/www.latribunedufaso.net\\\/#website\"},\"primaryImageOfPage\":{\"@id\":\"https:\\\/\\\/www.latribunedufaso.net\\\/?page_id=13632#primaryimage\"},\"image\":{\"@id\":\"https:\\\/\\\/www.latribunedufaso.net\\\/?page_id=13632#primaryimage\"},\"thumbnailUrl\":\"https:\\\/\\\/www.latribunedufaso.net\\\/wp-content\\\/uploads\\\/2024\\\/05\\\/images.png\",\"datePublished\":\"2024-05-30T09:29:38+00:00\",\"dateModified\":\"2024-05-31T09:31:24+00:00\",\"breadcrumb\":{\"@id\":\"https:\\\/\\\/www.latribunedufaso.net\\\/?page_id=13632#breadcrumb\"},\"inLanguage\":\"fr-FR\",\"potentialAction\":[{\"@type\":\"ReadAction\",\"target\":[\"https:\\\/\\\/www.latribunedufaso.net\\\/?page_id=13632\"]}]},{\"@type\":\"ImageObject\",\"inLanguage\":\"fr-FR\",\"@id\":\"https:\\\/\\\/www.latribunedufaso.net\\\/?page_id=13632#primaryimage\",\"url\":\"https:\\\/\\\/www.latribunedufaso.net\\\/wp-content\\\/uploads\\\/2024\\\/05\\\/images.png\",\"contentUrl\":\"https:\\\/\\\/www.latribunedufaso.net\\\/wp-content\\\/uploads\\\/2024\\\/05\\\/images.png\",\"width\":282,\"height\":178},{\"@type\":\"BreadcrumbList\",\"@id\":\"https:\\\/\\\/www.latribunedufaso.net\\\/?page_id=13632#breadcrumb\",\"itemListElement\":[{\"@type\":\"ListItem\",\"position\":1,\"name\":\"Accueil\",\"item\":\"https:\\\/\\\/www.latribunedufaso.net\\\/\"},{\"@type\":\"ListItem\",\"position\":2,\"name\":\"AFP-PME : Appel \u00e0 candidature pour la s\u00e9lection de 25 PME Burkinab\u00e8 \u00e9ligibles au financement sous forme de capital-risque du 03 au 28 Juin 2024\"}]},{\"@type\":\"WebSite\",\"@id\":\"https:\\\/\\\/www.latribunedufaso.net\\\/#website\",\"url\":\"https:\\\/\\\/www.latribunedufaso.net\\\/\",\"name\":\"La Tribune du Faso\",\"description\":\"L&#039;information du monde rural en un clic\",\"publisher\":{\"@id\":\"https:\\\/\\\/www.latribunedufaso.net\\\/#organization\"},\"potentialAction\":[{\"@type\":\"SearchAction\",\"target\":{\"@type\":\"EntryPoint\",\"urlTemplate\":\"https:\\\/\\\/www.latribunedufaso.net\\\/?s={search_term_string}\"},\"query-input\":{\"@type\":\"PropertyValueSpecification\",\"valueRequired\":true,\"valueName\":\"search_term_string\"}}],\"inLanguage\":\"fr-FR\"},{\"@type\":\"Organization\",\"@id\":\"https:\\\/\\\/www.latribunedufaso.net\\\/#organization\",\"name\":\"La Tribune du Faso\",\"url\":\"https:\\\/\\\/www.latribunedufaso.net\\\/\",\"logo\":{\"@type\":\"ImageObject\",\"inLanguage\":\"fr-FR\",\"@id\":\"https:\\\/\\\/www.latribunedufaso.net\\\/#\\\/schema\\\/logo\\\/image\\\/\",\"url\":\"https:\\\/\\\/www.latribunedufaso.net\\\/wp-content\\\/uploads\\\/2020\\\/08\\\/Logo-Tribune-du-Faso-final-scaled.jpg\",\"contentUrl\":\"https:\\\/\\\/www.latribunedufaso.net\\\/wp-content\\\/uploads\\\/2020\\\/08\\\/Logo-Tribune-du-Faso-final-scaled.jpg\",\"width\":2560,\"height\":1856,\"caption\":\"La Tribune du Faso\"},\"image\":{\"@id\":\"https:\\\/\\\/www.latribunedufaso.net\\\/#\\\/schema\\\/logo\\\/image\\\/\"},\"sameAs\":[\"https:\\\/\\\/www.facebook.com\\\/LatribuneduFaso\\\/\"]}]}<\/script>\n<!-- \/ Yoast SEO plugin. -->","yoast_head_json":{"title":"AFP-PME : Appel \u00e0 candidature pour la s\u00e9lection de 25 PME Burkinab\u00e8 \u00e9ligibles au financement sous forme de capital-risque du 03 au 28 Juin 2024 - La Tribune du Faso","robots":{"index":"index","follow":"follow","max-snippet":"max-snippet:-1","max-image-preview":"max-image-preview:large","max-video-preview":"max-video-preview:-1"},"canonical":"https:\/\/www.latribunedufaso.net\/?page_id=13632","og_locale":"fr_FR","og_type":"article","og_title":"AFP-PME : Appel \u00e0 candidature pour la s\u00e9lection de 25 PME Burkinab\u00e8 \u00e9ligibles au financement sous forme de capital-risque du 03 au 28 Juin 2024 - La Tribune du Faso","og_description":"Dans le cadre de la mise en \u0153uvre de la phase pilote du projet d\u00e9nomm\u00e9 \u00ab\u00a0JeunEssor\u00a0\u00bb qui consiste \u00e0 accompagner des porteurs de projets \u00e0 travers des m\u00e9canismes innovants de financement \u00e0 savoir le capital-risque, l\u2019Agence de Financement et de Promotion des Petites et Moyennes Entreprises (AFP-PME) souhaite recevoir des candidatures pour la s\u00e9lection de 25 PME de droit burkinab\u00e8. Ce mode de financement vise \u00e0 prendre des parts minoritaires dans le capital des PME et de leur permettre de disposer d\u2019un partenaire strat\u00e9gique dans l\u2019organe de gouvernance en vue de soutenir leur croissance.\u00a0 CRITERES D\u2019ELIGIBILITE : &#8211; \u00catre une PME \u00e0 la forme juridique suivante : Soci\u00e9t\u00e9s de capitaux (SARL, SA, SAS&#8230;) ou pr\u00eate \u00e0 se transformer en soci\u00e9t\u00e9 de capitaux ; &#8211; \u00catre une PME exer\u00e7ant dans l\u2019une des treize (13) r\u00e9gions du Burkina Faso ; &#8211; \u00catre une PME ayant au moins 03 ann\u00e9es d\u2019existence ; &#8211; \u00catre une PME avec un chiffre d&rsquo;affaires annuels des trois derni\u00e8res ann\u00e9es sup\u00e9rieur ou \u00e9gal \u00e0 20 000 000 FCFA ; &#8211; \u00catre une PME dispos\u00e9e \u00e0 ouvrir son capital ; &#8211; Etre une PME \u00e9voluant dans l\u2019un des trois secteurs d\u2019activit\u00e9s \u00e9conomiques (primaire, secondaire, tertiaire) hormis import-export. COMPOSITION DU DOSSIER : &#8211; Un formulaire de candidature renseign\u00e9 selon le canevas ci-joint en annexe ; &#8211; Une copie de la carte d\u2019identit\u00e9 ou le passeport ; &#8211; Une copie du RCCM ; &#8211; Une copie des statuts pour les soci\u00e9t\u00e9s. LIEUX DE DEP\u00d4T DES DOSSIERS DE CANDIDATURE En ligne via le lien : \u00a0http:\/\/bit.ly\/formulaire-capital-investissement\u00a0 Ouagadougou : Direction Technique R\u00e9gionale du Centre de l\u2019AFP-PME, sis quartier Koulouba, situ\u00e9 \u00e0 la Zone commerciale, Immeuble ex pharmacie nouvelle ; Non loin du cin\u00e9 Burkina \/ T\u00e9l : 25 31 83 11\/12 Bobo-Dioulasso : Direction Technique R\u00e9gionale de l\u2019Ouest de l\u2019AFP-PME ; Secteur 05, Rue 71, Porte 75 \/ Immeuble face \u00e0 la gare Elitis \/ Tel : 20 96 00 08 \/ 20 97 29 40 Pour toute information compl\u00e9mentaire, veuillez contacter M. BADO B. Florentin au 78 16 64 05 ou M. DISSA Mamadou au 70 01 04 25 Le Directeur G\u00e9n\u00e9ral Issa TRAORE","og_url":"https:\/\/www.latribunedufaso.net\/?page_id=13632","og_site_name":"La Tribune du Faso","article_publisher":"https:\/\/www.facebook.com\/LatribuneduFaso\/","article_modified_time":"2024-05-31T09:31:24+00:00","og_image":[{"width":282,"height":178,"url":"https:\/\/www.latribunedufaso.net\/wp-content\/uploads\/2024\/05\/images.png","type":"image\/png"}],"twitter_misc":{"Dur\u00e9e de lecture estim\u00e9e":"2 minutes"},"schema":{"@context":"https:\/\/schema.org","@graph":[{"@type":"WebPage","@id":"https:\/\/www.latribunedufaso.net\/?page_id=13632","url":"https:\/\/www.latribunedufaso.net\/?page_id=13632","name":"AFP-PME : Appel \u00e0 candidature pour la s\u00e9lection de 25 PME Burkinab\u00e8 \u00e9ligibles au financement sous forme de capital-risque du 03 au 28 Juin 2024 - La Tribune du Faso","isPartOf":{"@id":"https:\/\/www.latribunedufaso.net\/#website"},"primaryImageOfPage":{"@id":"https:\/\/www.latribunedufaso.net\/?page_id=13632#primaryimage"},"image":{"@id":"https:\/\/www.latribunedufaso.net\/?page_id=13632#primaryimage"},"thumbnailUrl":"https:\/\/www.latribunedufaso.net\/wp-content\/uploads\/2024\/05\/images.png","datePublished":"2024-05-30T09:29:38+00:00","dateModified":"2024-05-31T09:31:24+00:00","breadcrumb":{"@id":"https:\/\/www.latribunedufaso.net\/?page_id=13632#breadcrumb"},"inLanguage":"fr-FR","potentialAction":[{"@type":"ReadAction","target":["https:\/\/www.latribunedufaso.net\/?page_id=13632"]}]},{"@type":"ImageObject","inLanguage":"fr-FR","@id":"https:\/\/www.latribunedufaso.net\/?page_id=13632#primaryimage","url":"https:\/\/www.latribunedufaso.net\/wp-content\/uploads\/2024\/05\/images.png","contentUrl":"https:\/\/www.latribunedufaso.net\/wp-content\/uploads\/2024\/05\/images.png","width":282,"height":178},{"@type":"BreadcrumbList","@id":"https:\/\/www.latribunedufaso.net\/?page_id=13632#breadcrumb","itemListElement":[{"@type":"ListItem","position":1,"name":"Accueil","item":"https:\/\/www.latribunedufaso.net\/"},{"@type":"ListItem","position":2,"name":"AFP-PME : Appel \u00e0 candidature pour la s\u00e9lection de 25 PME Burkinab\u00e8 \u00e9ligibles au financement sous forme de capital-risque du 03 au 28 Juin 2024"}]},{"@type":"WebSite","@id":"https:\/\/www.latribunedufaso.net\/#website","url":"https:\/\/www.latribunedufaso.net\/","name":"La Tribune du Faso","description":"L&#039;information du monde rural en un clic","publisher":{"@id":"https:\/\/www.latribunedufaso.net\/#organization"},"potentialAction":[{"@type":"SearchAction","target":{"@type":"EntryPoint","urlTemplate":"https:\/\/www.latribunedufaso.net\/?s={search_term_string}"},"query-input":{"@type":"PropertyValueSpecification","valueRequired":true,"valueName":"search_term_string"}}],"inLanguage":"fr-FR"},{"@type":"Organization","@id":"https:\/\/www.latribunedufaso.net\/#organization","name":"La Tribune du Faso","url":"https:\/\/www.latribunedufaso.net\/","logo":{"@type":"ImageObject","inLanguage":"fr-FR","@id":"https:\/\/www.latribunedufaso.net\/#\/schema\/logo\/image\/","url":"https:\/\/www.latribunedufaso.net\/wp-content\/uploads\/2020\/08\/Logo-Tribune-du-Faso-final-scaled.jpg","contentUrl":"https:\/\/www.latribunedufaso.net\/wp-content\/uploads\/2020\/08\/Logo-Tribune-du-Faso-final-scaled.jpg","width":2560,"height":1856,"caption":"La Tribune du Faso"},"image":{"@id":"https:\/\/www.latribunedufaso.net\/#\/schema\/logo\/image\/"},"sameAs":["https:\/\/www.facebook.com\/LatribuneduFaso\/"]}]}},"_links":{"self":[{"href":"https:\/\/www.latribunedufaso.net\/index.php?rest_route=\/wp\/v2\/pages\/13632","targetHints":{"allow":["GET"]}}],"collection":[{"href":"https:\/\/www.latribunedufaso.net\/index.php?rest_route=\/wp\/v2\/pages"}],"about":[{"href":"https:\/\/www.latribunedufaso.net\/index.php?rest_route=\/wp\/v2\/types\/page"}],"author":[{"embeddable":true,"href":"https:\/\/www.latribunedufaso.net\/index.php?rest_route=\/wp\/v2\/users\/2"}],"replies":[{"embeddable":true,"href":"https:\/\/www.latribunedufaso.net\/index.php?rest_route=%2Fwp%2Fv2%2Fcomments&post=13632"}],"version-history":[{"count":3,"href":"https:\/\/www.latribunedufaso.net\/index.php?rest_route=\/wp\/v2\/pages\/13632\/revisions"}],"predecessor-version":[{"id":13636,"href":"https:\/\/www.latribunedufaso.net\/index.php?rest_route=\/wp\/v2\/pages\/13632\/revisions\/13636"}],"wp:featuredmedia":[{"embeddable":true,"href":"https:\/\/www.latribunedufaso.net\/index.php?rest_route=\/wp\/v2\/media\/13512"}],"wp:attachment":[{"href":"https:\/\/www.latribunedufaso.net\/index.php?rest_route=%2Fwp%2Fv2%2Fmedia&parent=13632"}],"curies":[{"name":"wp","href":"https:\/\/api.w.org\/{rel}","templated":true}]}}